{"id":689555,"date":"2022-01-18T14:36:55","date_gmt":"2022-01-18T14:36:55","guid":{"rendered":"https:\/\/jakinola.org\/clases-de-espanol-en-bayona-en-la-costa-vasca\/"},"modified":"2022-01-20T14:35:24","modified_gmt":"2022-01-20T14:35:24","slug":"clases-de-espanol-en-bayona-en-la-costa-vasca","status":"publish","type":"page","link":"https:\/\/jakinola.org\/es\/clases-de-espanol-en-bayona-en-la-costa-vasca\/","title":{"rendered":"Clases de espa\u00f1ol en Bayona en la costa vasca"},"content":{"rendered":"<p>[et_pb_section fb_built=\u00bb1&#8243; fullwidth=\u00bbon\u00bb _builder_version=\u00bb4.11.1&#8243; background_image=\u00bbhttps:\/\/jakinola.org\/wp-content\/uploads\/2019\/08\/jessica-knowlden-nyBUfH9MkL4-unsplash.jpg\u00bb height=\u00bb323px\u00bb hover_enabled=\u00bb0&#8243; global_colors_info=\u00bb{}\u00bb sticky_enabled=\u00bb0&#8243;][\/et_pb_section][et_pb_section fb_built=\u00bb1&#8243; _builder_version=\u00bb4.4.3&#8243; min_height=\u00bb35px\u00bb global_colors_info=\u00bb{}\u00bb][et_pb_row _builder_version=\u00bb4.4.3&#8243; global_colors_info=\u00bb{}\u00bb][et_pb_column type=\u00bb4_4&#8243; _builder_version=\u00bb4.4.3&#8243; global_colors_info=\u00bb{}\u00bb][et_pb_text _builder_version=\u00bb4.11.1&#8243; hover_enabled=\u00bb0&#8243; global_colors_info=\u00bb{}\u00bb sticky_enabled=\u00bb0&#8243;]<\/p>\n<section class=\"elementor-element elementor-element-559716f elementor-section-boxed elementor-section-height-default elementor-section-height-default elementor-section elementor-top-section\" data-id=\"559716f\" data-element_type=\"section\">\n<div class=\"elementor-container elementor-column-gap-default\">\n<div class=\"elementor-row\">\n<div class=\"elementor-element elementor-element-9b16882 elementor-column elementor-col-100 elementor-top-column\" data-id=\"9b16882\" data-element_type=\"column\">\n<div class=\"elementor-column-wrap elementor-element-populated\">\n<div class=\"elementor-widget-wrap\">\n<div class=\"elementor-element elementor-element-bb26d09 elementor-widget elementor-widget-heading\" data-id=\"bb26d09\" data-element_type=\"widget\" data-widget_type=\"heading.default\">\n<h1 class=\"elementor-widget-container\" style=\"text-align: center;\"><em><span style=\"color: #4f758b;\">Clases de espa\u00f1ol en Bayona en la costa vasca<\/span><\/em><\/h1>\n<\/div>\n<\/div>\n<\/div>\n<\/div>\n<\/div>\n<\/div>\n<\/section>\n<section class=\"elementor-element elementor-element-513a131 elementor-section-boxed elementor-section-height-default elementor-section-height-default elementor-section elementor-top-section\" data-id=\"513a131\" data-element_type=\"section\">\n<div class=\"elementor-container elementor-column-gap-default\">\n<div class=\"elementor-row\">\n<div class=\"elementor-element elementor-element-b2510ab elementor-column elementor-col-100 elementor-top-column\" data-id=\"b2510ab\" data-element_type=\"column\">\n<div class=\"elementor-column-wrap elementor-element-populated\">\n<div class=\"elementor-widget-wrap\">\n<div class=\"elementor-element elementor-element-1f99c1d elementor-widget elementor-widget-text-editor\" data-id=\"1f99c1d\" data-element_type=\"widget\" data-widget_type=\"text-editor.default\">\n<div class=\"elementor-widget-container\">\n<div class=\"elementor-text-editor elementor-clearfix\" style=\"text-align: center;\">\n<p><span style=\"color: rgba(0, 0, 0, 0.83);\"><span style=\"font-weight: 400;\">El espa\u00f1ol o el<\/span><strong><i>castellano<\/i><\/strong> <span style=\"font-weight: 400;\">es el idioma oficial de m\u00e1s de 20 pa\u00edses en todo el mundo, lo que representa casi 580 millones de hablantes. Elegir estudiarlo significa <strong>descubrir ricas y variadas culturas de habla hispana<\/strong>, bien ancladas en su territorio. <\/span><\/span><\/p>\n<p><span style=\"color: rgba(0, 0, 0, 0.83);\">\u00bfTe gustar\u00eda poder comunicarte en espa\u00f1ol con nuestros \u201cvecinos\u201d, o durante los intercambios con Sudam\u00e9rica? Ya seas un principiante o un adulto experimentado, ya sea que lo pienses <strong>para ocupar tu tiempo libre o con fines profesionales<\/strong>, \u00a1las clases de espa\u00f1ol en la Maison des Langues est\u00e1n hechas para ti! Si adem\u00e1s quieres despertar la curiosidad de tu hijo por los idiomas y permitirle un acercamiento extraescolar, esto es muy posible con los <strong>talleres de espa\u00f1ol para ni\u00f1os<\/strong>, en grupos muy reducidos. <\/span><\/p>\n<p><span style=\"font-weight: 400; color: rgba(0, 0, 0, 0.83);\">Nuestros <strong>cursos de formaci\u00f3n a medida<\/strong> son adecuados para todas las edades (ni\u00f1os, adolescentes, estudiantes, adultos y jubilados) y para todos los niveles. Nuestros grupos, de un m\u00e1ximo de 10 personas, aseguran unas condiciones \u00f3ptimas de aprendizaje.<\/span><\/p>\n<\/div>\n<\/div>\n<\/div>\n<\/div>\n<\/div>\n<\/div>\n<\/div>\n<\/div>\n<\/section>\n<p>[\/et_pb_text][\/et_pb_column][\/et_pb_row][\/et_pb_section][et_pb_section fb_built=\u00bb1&#8243; fullwidth=\u00bbon\u00bb _builder_version=\u00bb4.4.3&#8243; global_colors_info=\u00bb{}\u00bb][et_pb_fullwidth_menu menu_id=\u00bb41&#8243; menu_style=\u00bbcentered\u00bb fullwidth_menu=\u00bbon\u00bb _builder_version=\u00bb4.11.1&#8243; menu_text_color=\u00bb#ffffff\u00bb menu_font_size=\u00bb18px\u00bb background_color=\u00bb#4F758B\u00bb background_layout=\u00bbdark\u00bb hover_enabled=\u00bb0&#8243; global_colors_info=\u00bb{}\u00bb sticky_enabled=\u00bb0&#8243;][\/et_pb_fullwidth_menu][\/et_pb_section][et_pb_section fb_built=\u00bb1&#8243; admin_label=\u00bbespagnol loisir\u00bb module_id=\u00bbocio espa\u00f1ol\u00bb _builder_version=\u00bb4.4.4&#8243; global_colors_info=\u00bb{}\u00bb][et_pb_row column_structure=\u00bb1_2,1_2&#8243; _builder_version=\u00bb4.4.3&#8243; collapsed=\u00bboff\u00bb global_colors_info=\u00bb{}\u00bb][et_pb_column type=\u00bb1_2&#8243; _builder_version=\u00bb4.4.3&#8243; global_colors_info=\u00bb{}\u00bb][et_pb_image src=\u00bbhttps:\/\/jakinola.org\/wp-content\/uploads\/2020\/05\/cours-espagnol-loisir.png\u00bb alt=\u00bbbuen ambiente durante las clases de espa\u00f1ol en la Maison des Langues en Bayona\u00bb title_text=\u00bbocio-curso-de-espanol\u00bb align=\u00bbcenter\u00bb _builder_version=\u00bb4.4.7&#8243; height=\u00bb361px\u00bb custom_padding=\u00bb|0px||||\u00bb global_colors_info=\u00bb{}\u00bb][\/et_pb_image][\/et_pb_column][et_pb_column type=\u00bb1_2&#8243; _builder_version=\u00bb4.4.3&#8243; global_colors_info=\u00bb{}\u00bb][et_pb_text _builder_version=\u00bb4.5.0&#8243; global_colors_info=\u00bb{}\u00bb]<\/p>\n<h2 style=\"text-align: center;\"><span style=\"color: #4f758b;\">Cursos de espa\u00f1ol de ocio<\/span><\/h2>\n<p><span style=\"color: rgba(0, 0, 0, 0.83);\"><span style=\"font-weight: 400;\"><strong>Nuestra primera lecci\u00f3n se usa para probar su nivel<\/strong>y, si es necesario, dirigirlo a otro nicho donde se sentir\u00e1 m\u00e1s c\u00f3modo. Nuestros profesores se comprometen a ofrecerte <strong>lecciones de calidad y actividades adaptadas<\/strong> a tus necesidades. La variedad de temas cubiertos permite que todos se involucren y se interesen en los cursos ofrecidos. El espa\u00f1ol tiene el privilegio de estar asentado en pa\u00edses at\u00edpicos, ofreciendo una variedad de temas para discutir, que van desde el cine hasta el flamenco, desde las grandes civilizaciones de Am\u00e9rica hasta las disparidades culturales de Espa\u00f1a&#8230; <\/span><\/span><\/p>\n<p><span style=\"color: rgba(0, 0, 0, 0.83);\">Objetivos generales:<\/span><\/p>\n<ul>\n<li style=\"font-weight: 400;\"><span style=\"font-weight: 400; color: rgba(0, 0, 0, 0.83);\">Adquirir o desarrollar fluidez oral, seg\u00fan el nivel<\/span><\/li>\n<li style=\"font-weight: 400;\"><span style=\"font-weight: 400; color: rgba(0, 0, 0, 0.83);\">Desarrollar la comprensi\u00f3n oral y escrita.<\/span><\/li>\n<li style=\"font-weight: 400;\"><span style=\"color: rgba(0, 0, 0, 0.83);\"><span style=\"font-weight: 400;\">Crear conciencia sobre las culturas extranjeras y los problemas sociales contempor\u00e1neos.<\/span> <\/span><\/li>\n<\/ul>\n<p><span style=\"color: rgba(0, 0, 0, 0.83);\"><span style=\"font-weight: 400;\">F\u00f3rmula de grupo &#8211; socio 2019-2020: 55 \u20ac\/mes, 550 \u20ac al a\u00f1o (de septiembre a junio). <\/span><span style=\"font-weight: 400;\">Tarifas sujetas a cambios dependiendo del tama\u00f1o del grupo, cons\u00faltenos.<\/span><\/span><br \/>\n<span style=\"color: rgba(0, 0, 0, 0.83);\"><span style=\"font-weight: 400;\">F\u00f3rmula de grupo &#8211; Nuevo miembro: 60 \u20ac\/mes, 600 \u20ac al a\u00f1o (de septiembre a junio). <\/span><span style=\"font-weight: 400;\">Tarifas sujetas a cambios dependiendo del tama\u00f1o del grupo, cons\u00faltenos.<\/span><\/span>[\/et_pb_text][et_pb_button button_url=\u00bb#contact2&#8243; button_text=\u00bbCont\u00e1ctanos\u00bb button_alignment=\u00bbcenter\u00bb _builder_version=\u00bb4.4.3&#8243; custom_button=\u00bbon\u00bb button_bg_color=\u00bb#4f758b\u00bb button_border_width=\u00bb0px\u00bb background_layout=\u00bbdark\u00bb animation_style=\u00bbbounce\u00bb global_colors_info=\u00bb{}\u00bb][\/et_pb_button][\/et_pb_column][\/et_pb_row][\/et_pb_section][et_pb_section fb_built=\u00bb1&#8243; _builder_version=\u00bb4.4.3&#8243; background_color=\u00bb#4f758b\u00bb min_height=\u00bb114px\u00bb global_colors_info=\u00bb{}\u00bb][et_pb_row column_structure=\u00bb2_5,3_5&#8243; _builder_version=\u00bb4.4.3&#8243; global_colors_info=\u00bb{}\u00bb][et_pb_column type=\u00bb2_5&#8243; _builder_version=\u00bb4.4.3&#8243; global_colors_info=\u00bb{}\u00bb][et_pb_image src=\u00bbhttps:\/\/jakinola.org\/wp-content\/uploads\/2020\/04\/maison-des-langues-bayonne-scaled.jpg\u00bb alt=\u00bbvista de la Maison des Langues Jakinola en Bayona Saint Esprit\u00bb title_text=\u00bbfachada de la maison des langues\u00bb align=\u00bbcenter\u00bb _builder_version=\u00bb4.4.7&#8243; min_height=\u00bb212px\u00bb custom_padding=\u00bb|111px||||\u00bb global_colors_info=\u00bb{}\u00bb][\/et_pb_image][\/et_pb_column][et_pb_column type=\u00bb3_5&#8243; _builder_version=\u00bb4.4.3&#8243; global_colors_info=\u00bb{}\u00bb][et_pb_text _builder_version=\u00bb4.4.7&#8243; global_colors_info=\u00bb{}\u00bb]<\/p>\n<h2><span style=\"color: #ffffff;\">La Maison des Langues JAKINOLA<\/span><\/h2>\n<p><span style=\"color: #ffffff;\">La Maison des Langues<\/span><br \/>\n<span style=\"color: #ffffff;\">12 rue Maubec, Bayona<\/span><br \/>\n<span style=\"color: #ffffff;\">Horarios : 9h00 \u2013 12h00 14h00 \u2013 17h00<\/span><br \/>\n<span style=\"color: #ffffff;\">Tel. 06 03 575 366<\/span>[\/et_pb_text][et_pb_button button_url=\u00bb#contact2&#8243; button_text=\u00bbVen y vis\u00edtanos !\u00bb _builder_version=\u00bb4.4.7&#8243; custom_button=\u00bbon\u00bb button_text_color=\u00bb#ffffff\u00bb global_colors_info=\u00bb{}\u00bb][\/et_pb_button][\/et_pb_column][\/et_pb_row][\/et_pb_section][et_pb_section fb_built=\u00bb1&#8243; admin_label=\u00bbespagnol individuel\u00bb module_id=\u00bbespa\u00f1ol individual\u00bb _builder_version=\u00bb4.4.4&#8243; min_height=\u00bb418px\u00bb global_colors_info=\u00bb{}\u00bb][et_pb_row column_structure=\u00bb3_5,2_5&#8243; _builder_version=\u00bb4.4.3&#8243; global_colors_info=\u00bb{}\u00bb][et_pb_column type=\u00bb3_5&#8243; _builder_version=\u00bb4.4.3&#8243; global_colors_info=\u00bb{}\u00bb][et_pb_text _builder_version=\u00bb4.4.3&#8243; global_colors_info=\u00bb{}\u00bb]<\/p>\n<h2><span style=\"color: #4f758b;\">Clases individuales de espa\u00f1ol<\/span><\/h2>\n<p><span style=\"font-weight: 400; color: rgba(0, 0, 0, 0.83);\">Si necesitas clases de espa\u00f1ol espec\u00edficas, adaptadas a tu nivel y tus expectativas, es posible. <strong>Presencial, a distancia o de forma h\u00edbrida<\/strong>, atenderemos tu solicitud con un <strong>camino de aprendizaje personalizado.<\/strong> Enfocada en la comunicaci\u00f3n oral, nuestra formaci\u00f3n se basa en nuestro centro de recursos (papeles) y en un dispositivo digital de \u00faltima generaci\u00f3n. <\/span><\/p>\n<p><span style=\"font-weight: 400; color: rgba(0, 0, 0, 0.83);\">El inter\u00e9s es <strong>avanzar a tu propio ritmo<\/strong> en l\u00ednea con los objetivos marcados. <\/span><\/p>\n<p><span style=\"font-weight: 400; color: rgba(0, 0, 0, 0.83);\">Por supuesto, estas sesiones individualizadas se pueden complementar con clases en grupo. <\/span><\/p>\n<p><span style=\"font-weight: 400; color: rgba(0, 0, 0, 0.83);\">F\u00f3rmula individual: 45\u20ac la hora.<\/span><br \/>\n[\/et_pb_text][et_pb_button button_url=\u00bb#contact2&#8243; button_text=\u00bbCont\u00e1ctanos\u00bb button_alignment=\u00bbcenter\u00bb _builder_version=\u00bb4.4.3&#8243; custom_button=\u00bbon\u00bb button_bg_color=\u00bb#4f758b\u00bb button_border_width=\u00bb0px\u00bb background_layout=\u00bbdark\u00bb animation_style=\u00bbbounce\u00bb global_colors_info=\u00bb{}\u00bb][\/et_pb_button][\/et_pb_column][et_pb_column type=\u00bb2_5&#8243; _builder_version=\u00bb4.4.3&#8243; global_colors_info=\u00bb{}\u00bb][et_pb_image src=\u00bbhttps:\/\/jakinola.org\/wp-content\/uploads\/2020\/05\/cours-espagnol-individuel-ou-\u00e0-deux.png\u00bb alt=\u00bbClases de espa\u00f1ol para dos en la Maison des Langues de Bayona\u00bb title_text=\u00bbcurso-de-espanol-individual-o-en-dos\u00bb align=\u00bbcenter\u00bb _builder_version=\u00bb4.4.7&#8243; width=\u00bb99.8%\u00bb height=\u00bb209px\u00bb global_colors_info=\u00bb{}\u00bb][\/et_pb_image][\/et_pb_column][\/et_pb_row][et_pb_row _builder_version=\u00bb4.4.3&#8243; min_height=\u00bb73px\u00bb global_colors_info=\u00bb{}\u00bb][et_pb_column type=\u00bb4_4&#8243; _builder_version=\u00bb4.4.3&#8243; global_colors_info=\u00bb{}\u00bb][et_pb_divider color=\u00bb#000000&#8243; divider_position=\u00bbcenter\u00bb admin_label=\u00bbEspagnol conv\u00bb module_id=\u00bbespagnol conversation\u00bb _builder_version=\u00bb4.4.4&#8243; width=\u00bb50%\u00bb global_colors_info=\u00bb{}\u00bb][\/et_pb_divider][\/et_pb_column][\/et_pb_row][et_pb_row column_structure=\u00bb1_2,1_2&#8243; _builder_version=\u00bb4.4.3&#8243; global_colors_info=\u00bb{}\u00bb][et_pb_column type=\u00bb1_2&#8243; _builder_version=\u00bb4.4.3&#8243; global_colors_info=\u00bb{}\u00bb][et_pb_image src=\u00bbhttps:\/\/jakinola.org\/wp-content\/uploads\/2020\/05\/conversation-en-espagnol.jpg\u00bb alt=\u00bbCurso de conversaci\u00f3n en espa\u00f1ol en Jakinola en Bayona\u00bb title_text=\u00bbconversaci\u00f3n-en-espa\u00f1ol\u00bb _builder_version=\u00bb4.4.7&#8243; global_colors_info=\u00bb{}\u00bb][\/et_pb_image][\/et_pb_column][et_pb_column type=\u00bb1_2&#8243; _builder_version=\u00bb4.4.3&#8243; global_colors_info=\u00bb{}\u00bb][et_pb_text _builder_version=\u00bb4.4.3&#8243; global_colors_info=\u00bb{}\u00bb]<\/p>\n<h2 style=\"text-align: center;\"><span style=\"color: #4f758b;\">Conversaci\u00f3n en espa\u00f1ol<\/span><\/h2>\n<p><span style=\"font-weight: 400; color: rgba(0, 0, 0, 0.83);\">Nuestros talleres de conversaci\u00f3n son una oportunidad para<strong>sumergirte en la cultura hispana<\/strong> durante una hora en torno a un tema tra\u00eddo por el profesor. Tendr\u00e1s la oportunidad de<strong>discutir con el grupo y el profesor<\/strong>, que estar\u00e1 all\u00ed para acompa\u00f1arte en este ejercicio.<\/span><\/p>\n<p><span style=\"color: rgba(0, 0, 0, 0.83);\"><span style=\"font-weight: 400;\">Dada su naturaleza, los talleres de conversaci\u00f3n requieren un nivel medio (B1) para poder expresarse libremente. <\/span><span style=\"font-weight: 400;\">Objetivos generales:<\/span><\/span><\/p>\n<ul>\n<li style=\"font-weight: 400;\"><span style=\"font-weight: 400; color: rgba(0, 0, 0, 0.83);\">Desarrollar y mejorar la fluidez oral.<\/span><\/li>\n<li style=\"font-weight: 400;\"><span style=\"font-weight: 400; color: rgba(0, 0, 0, 0.83);\">Desarrollar la comprensi\u00f3n oral.<\/span><\/li>\n<li style=\"font-weight: 400;\"><span style=\"font-weight: 400; color: rgba(0, 0, 0, 0.83);\">Crear conciencia sobre las culturas extranjeras y los problemas sociales contempor\u00e1neos.<\/span><\/li>\n<\/ul>\n<p><span style=\"font-weight: 400; color: rgba(0, 0, 0, 0.83);\">F\u00f3rmula de grupo: 30\u20ac\/mes, 300\u20ac al a\u00f1o (septiembre a junio)<\/span><br \/>\n[\/et_pb_text][et_pb_button button_url=\u00bb#contact2&#8243; button_text=\u00bbSaber m\u00e1s\u00bb button_alignment=\u00bbcenter\u00bb _builder_version=\u00bb4.4.3&#8243; custom_button=\u00bbon\u00bb button_bg_color=\u00bb#4f758b\u00bb button_border_width=\u00bb0px\u00bb background_layout=\u00bbdark\u00bb animation_style=\u00bbbounce\u00bb global_colors_info=\u00bb{}\u00bb][\/et_pb_button][\/et_pb_column][\/et_pb_row][\/et_pb_section][et_pb_section fb_built=\u00bb1&#8243; _builder_version=\u00bb4.4.3&#8243; background_color=\u00bb#4f758b\u00bb min_height=\u00bb220px\u00bb global_colors_info=\u00bb{}\u00bb][et_pb_row column_structure=\u00bb1_4,3_4&#8243; _builder_version=\u00bb4.4.3&#8243; global_colors_info=\u00bb{}\u00bb][et_pb_column type=\u00bb1_4&#8243; _builder_version=\u00bb4.4.3&#8243; global_colors_info=\u00bb{}\u00bb][et_pb_image src=\u00bbhttps:\/\/jakinola.org\/wp-content\/uploads\/2020\/04\/centre-ressources.png\u00bb alt=\u00bblibros y recursos \u00bb title_text=\u00bblibros y recursos \u00bb _builder_version=\u00bb4.4.7&#8243; width=\u00bb100%\u00bb module_alignment=\u00bbcenter\u00bb custom_padding=\u00bb||0px|||\u00bb global_colors_info=\u00bb{}\u00bb][\/et_pb_image][\/et_pb_column][et_pb_column type=\u00bb3_4&#8243; _builder_version=\u00bb4.4.3&#8243; global_colors_info=\u00bb{}\u00bb][et_pb_text _builder_version=\u00bb4.4.7&#8243; global_colors_info=\u00bb{}\u00bb]<\/p>\n<h2><span style=\"color: #ffffff;\">Centro de recursos en Bayona<\/span><\/h2>\n<section class=\"elementor-element elementor-element-c4e240d elementor-section-full_width elementor-section-height-default elementor-section-height-default elementor-section elementor-top-section\" data-id=\"c4e240d\" data-element_type=\"section\" data-settings=\"{\"background_background\":\"classic\"}\">\n<div class=\"elementor-container elementor-column-gap-default\">\n<div class=\"elementor-row\">\n<div class=\"elementor-element elementor-element-3bb6bfa elementor-column elementor-col-66 elementor-top-column\" data-id=\"3bb6bfa\" data-element_type=\"column\">\n<div class=\"elementor-column-wrap elementor-element-populated\">\n<div class=\"elementor-widget-wrap\">\n<div class=\"elementor-element elementor-element-aa18ebd elementor-widget elementor-widget-text-editor\" data-id=\"aa18ebd\" data-element_type=\"widget\" data-widget_type=\"text-editor.default\">\n<div class=\"elementor-widget-container\">\n<div class=\"elementor-text-editor elementor-clearfix\">\n<p style=\"text-align: justify;\"><span style=\"color: #ffffff;\">\u00a1Nuestro Centro de recursos est\u00e1 <strong>disponible para nuestros miembros<\/strong>! Lugar central de la asociaci\u00f3n, es la sala principal de nuestro local.<\/span><br \/>\n<span style=\"color: #ffffff;\">Puedes consultar<\/span><strong style=\"color: #ffffff;\">peri\u00f3dicos<\/strong><span style=\"color: #ffffff;\">,<\/span><strong style=\"color: #ffffff;\">informaci\u00f3n local<\/strong><span style=\"color: #ffffff;\">, <strong>obras literarias<\/strong> (\u00a1todo en un idioma extranjero!) o <strong>manuales de aprendizaje<\/strong> en cada idioma que ofrecemos, para complementar tus lecciones. Tambi\u00e9n ponemos a tu disposici\u00f3n <strong>ordenadores conectados a Internet<\/strong>, que podr\u00e1s utilizar libremente en nuestro sof\u00e1 o en una de nuestras mesas. <\/span><br \/>\n<span style=\"color: #ffffff;\">Si no vienes a trabajar en tus idiomas, puedes venir a saludarnos tomando un caf\u00e9 o un t\u00e9 que con gusto te prepararemos. <\/span><br \/>\n<span style=\"color: #ffffff;\">\u00a1Aqu\u00ed tambi\u00e9n guardamos los <strong>juegos de mesa<\/strong> que usamos durante los eventos!<\/span><\/p>\n<\/div>\n<\/div>\n<\/div>\n<\/div>\n<\/div>\n<\/div>\n<\/div>\n<\/div>\n<\/section>\n<section class=\"elementor-element elementor-element-e725f25 elementor-section-stretched elementor-section-full_width elementor-section-height-default elementor-section-height-default elementor-section elementor-top-section\" data-id=\"e725f25\" data-element_type=\"section\" data-settings=\"{\"stretch_section\":\"section-stretched\"}\">\n<div class=\"elementor-container elementor-column-gap-default\">\n<div class=\"elementor-row\">\n<div class=\"elementor-element elementor-element-64b2069 elementor-column elementor-col-100 elementor-top-column\" data-id=\"64b2069\" data-element_type=\"column\">\n<div class=\"elementor-column-wrap elementor-element-populated\">\n<div class=\"elementor-widget-wrap\">\n<div class=\"elementor-element elementor-element-97b11d4 elementor-widget elementor-widget-menu-anchor\" data-id=\"97b11d4\" data-element_type=\"widget\" data-widget_type=\"menu-anchor.default\">\n<div class=\"elementor-widget-container\">\n<div id=\"pro\" class=\"elementor-menu-anchor\"><\/div>\n<\/div>\n<\/div>\n<div class=\"elementor-element elementor-element-56ba1be elementor-widget elementor-widget-image\" data-id=\"56ba1be\" data-element_type=\"widget\" data-widget_type=\"image.default\">\n<div class=\"elementor-widget-container\"><\/div>\n<\/div>\n<\/div>\n<\/div>\n<\/div>\n<\/div>\n<\/div>\n<\/section>\n<p>&nbsp;[\/et_pb_text][\/et_pb_column][\/et_pb_row][\/et_pb_section][et_pb_section fb_built=\u00bb1&#8243; fullwidth=\u00bbon\u00bb admin_label=\u00bbanglais professionnel\u00bb _builder_version=\u00bb4.4.5&#8243; background_image=\u00bbhttps:\/\/jakinola.org\/wp-content\/uploads\/2020\/05\/Formation-professionnelle-espagnol-scaled.jpg\u00bb global_colors_info=\u00bb{}\u00bb][et_pb_fullwidth_image admin_label=\u00bbespagnol CSS\u00bb module_id=\u00bbespagnol professionnel\u00bb _builder_version=\u00bb4.4.4&#8243; min_height=\u00bb234px\u00bb global_colors_info=\u00bb{}\u00bb][\/et_pb_fullwidth_image][\/et_pb_section][et_pb_section fb_built=\u00bb1&#8243; _builder_version=\u00bb4.4.3&#8243; min_height=\u00bb62px\u00bb global_colors_info=\u00bb{}\u00bb][et_pb_row _builder_version=\u00bb4.4.3&#8243; global_colors_info=\u00bb{}\u00bb][et_pb_column type=\u00bb4_4&#8243; _builder_version=\u00bb4.4.3&#8243; global_colors_info=\u00bb{}\u00bb][et_pb_text _builder_version=\u00bb4.4.3&#8243; custom_padding=\u00bb||5px|||\u00bb global_colors_info=\u00bb{}\u00bb]<\/p>\n<h2 style=\"text-align: center;\"><span style=\"color: #00a7b5;\">Formaci\u00f3n profesional<\/span><\/h2>\n<p style=\"text-align: center;\"><span style=\"color: #333333;\">Nuestra formaci\u00f3n profesional puede realizarse <strong>en l\u00ednea o en nuestras instalaciones<\/strong>, y acoge grupos de hasta 10 personas.<\/span><\/p>\n<p>[\/et_pb_text][\/et_pb_column][\/et_pb_row][et_pb_row column_structure=\u00bb1_2,1_2&#8243; _builder_version=\u00bb4.4.3&#8243; global_colors_info=\u00bb{}\u00bb][et_pb_column type=\u00bb1_2&#8243; _builder_version=\u00bb4.4.3&#8243; global_colors_info=\u00bb{}\u00bb][et_pb_image src=\u00bbhttps:\/\/jakinola.org\/wp-content\/uploads\/2020\/05\/cours-espagnol-individuel.jpg\u00bb alt=\u00bbClases individuales de espa\u00f1ol en la escuela de idiomas de Bayona\u00bb title_text=\u00bbcurso-espanol-individual\u00bb _builder_version=\u00bb4.4.7&#8243; width=\u00bb62.8%\u00bb min_height=\u00bb204px\u00bb global_colors_info=\u00bb{}\u00bb][\/et_pb_image][\/et_pb_column][et_pb_column type=\u00bb1_2&#8243; _builder_version=\u00bb4.4.3&#8243; global_colors_info=\u00bb{}\u00bb][et_pb_text _builder_version=\u00bb4.4.3&#8243; global_colors_info=\u00bb{}\u00bb]<\/p>\n<h3 style=\"text-align: left;\"><span style=\"color: #00a7b5;\">Clases individuales de espa\u00f1ol<\/span><\/h3>\n<div class=\"elementor-element elementor-element-f4b7b7b elementor-widget elementor-widget-text-editor\" style=\"text-align: left;\" data-id=\"f4b7b7b\" data-element_type=\"widget\" data-widget_type=\"text-editor.default\">\n<div class=\"elementor-widget-container\">\n<div class=\"elementor-text-editor elementor-clearfix\" style=\"text-align: justify;\"><span style=\"color: #333333;\">Estudiaremos juntos tus necesidades y expectativas y <strong>construiremos as\u00ed un programa adaptado e individualizado<\/strong>. Se realizar\u00e1 una prueba de nivel inicial y al finalizar el curso se entregar\u00e1 una certificaci\u00f3n Bright.<\/span><\/div>\n<\/div>\n<\/div>\n<div class=\"elementor-element elementor-element-f88831b elementor-align-center elementor-widget elementor-widget-button\" style=\"text-align: left;\" data-id=\"f88831b\" data-element_type=\"widget\" data-widget_type=\"button.default\">\n<div class=\"elementor-widget-container\">\n<div class=\"elementor-button-wrapper\"><\/div>\n<\/div>\n<\/div>\n<p>[\/et_pb_text][et_pb_button button_url=\u00bb#contact2&#8243; button_text=\u00bbSolicita una cotizaci\u00f3n\u00bb button_alignment=\u00bbcenter\u00bb _builder_version=\u00bb4.4.3&#8243; custom_button=\u00bbon\u00bb button_bg_color=\u00bb#00A7B5&#8243; button_border_width=\u00bb0px\u00bb background_layout=\u00bbdark\u00bb animation_style=\u00bbbounce\u00bb global_colors_info=\u00bb{}\u00bb][\/et_pb_button][\/et_pb_column][\/et_pb_row][et_pb_row _builder_version=\u00bb4.4.3&#8243; global_colors_info=\u00bb{}\u00bb][et_pb_column type=\u00bb4_4&#8243; _builder_version=\u00bb4.4.3&#8243; global_colors_info=\u00bb{}\u00bb][et_pb_divider color=\u00bb#000000&#8243; divider_position=\u00bbcenter\u00bb _builder_version=\u00bb4.4.3&#8243; width=\u00bb67%\u00bb module_alignment=\u00bbcenter\u00bb global_colors_info=\u00bb{}\u00bb][\/et_pb_divider][\/et_pb_column][\/et_pb_row][et_pb_row column_structure=\u00bb3_5,2_5&#8243; _builder_version=\u00bb4.4.3&#8243; global_colors_info=\u00bb{}\u00bb][et_pb_column type=\u00bb3_5&#8243; _builder_version=\u00bb4.4.3&#8243; global_colors_info=\u00bb{}\u00bb][et_pb_text _builder_version=\u00bb4.4.3&#8243; global_colors_info=\u00bb{}\u00bb]<\/p>\n<h3><span style=\"color: #00a7b5;\">Clases de espa\u00f1ol en grupo<\/span><\/h3>\n<p style=\"text-align: justify;\"><span style=\"font-weight: 400; color: rgba(0, 0, 0, 0.83);\">Previamente se realizar\u00e1 una auditor\u00eda para recoger las necesidades de cada empleado y se crear\u00e1 un <strong>programa a medida<\/strong>. Se realizar\u00e1 una prueba de nivel inicial para cada empleado y se entregar\u00e1 una <strong>certificaci\u00f3n Bright<\/strong> a cada uno al final de las pr\u00e1cticas.<\/span><\/p>\n<p style=\"text-align: justify;\"><span style=\"font-weight: 400; color: rgba(0, 0, 0, 0.83);\">Objetivos generales:<\/span><\/p>\n<ul style=\"text-align: justify;\">\n<li style=\"font-weight: 400;\"><span style=\"font-weight: 400; color: rgba(0, 0, 0, 0.83);\">Adquirir, desarrollar o mejorar la comunicaci\u00f3n profesional en franc\u00e9s<\/span><\/li>\n<li style=\"font-weight: 400;\"><span style=\"font-weight: 400; color: rgba(0, 0, 0, 0.83);\">Desarrollar la comprensi\u00f3n oral y escrita en un contexto profesional.<\/span><\/li>\n<li style=\"font-weight: 400;\"><span style=\"font-weight: 400; color: rgba(0, 0, 0, 0.83);\">Adquirir y utilizar un vocabulario espec\u00edfico.<\/span><\/li>\n<li style=\"font-weight: 400;\"><span style=\"font-weight: 400; color: rgba(0, 0, 0, 0.83);\">Dar a conocer las culturas extranjeras en un contexto profesional<\/span><\/li>\n<\/ul>\n<p style=\"text-align: justify;\"><span style=\"font-weight: 400; color: rgba(0, 0, 0, 0.83);\">P\u00f3nte en contacto con nosotros para un presupuesto.<\/span><\/p>\n<p>[\/et_pb_text][et_pb_button button_url=\u00bb#contact2&#8243; button_text=\u00bbSolicita una cotizaci\u00f3n\u00bb button_alignment=\u00bbcenter\u00bb _builder_version=\u00bb4.4.3&#8243; custom_button=\u00bbon\u00bb button_bg_color=\u00bb#00A7B5&#8243; button_border_width=\u00bb0px\u00bb background_layout=\u00bbdark\u00bb animation_style=\u00bbbounce\u00bb global_colors_info=\u00bb{}\u00bb][\/et_pb_button][\/et_pb_column][et_pb_column type=\u00bb2_5&#8243; _builder_version=\u00bb4.4.3&#8243; global_colors_info=\u00bb{}\u00bb][et_pb_image src=\u00bbhttps:\/\/jakinola.org\/wp-content\/uploads\/2020\/05\/cours-espagnol-collectif.jpg\u00bb alt=\u00bbclases de espa\u00f1ol en grupo en Bayona\u00bb title_text=\u00bbcurso-colectivo-de-espanol\u00bb _builder_version=\u00bb4.4.7&#8243; height=\u00bb207px\u00bb global_colors_info=\u00bb{}\u00bb][\/et_pb_image][\/et_pb_column][\/et_pb_row][\/et_pb_section][et_pb_section fb_built=\u00bb1&#8243; admin_label=\u00bbils parlent de nous\u00bb module_id=\u00bbHablan de nosotros\u00bb _builder_version=\u00bb4.4.3&#8243; background_color=\u00bb#00a7b5&#8243; min_height=\u00bb217px\u00bb global_colors_info=\u00bb{}\u00bb][et_pb_row _builder_version=\u00bb4.4.3&#8243; global_colors_info=\u00bb{}\u00bb][et_pb_column type=\u00bb4_4&#8243; _builder_version=\u00bb4.4.3&#8243; global_colors_info=\u00bb{}\u00bb][et_pb_text _builder_version=\u00bb4.4.3&#8243; global_colors_info=\u00bb{}\u00bb]<\/p>\n<h2><span style=\"color: #ffffff;\">Hablan de nosotros:<\/span><\/h2>\n<p>[\/et_pb_text][\/et_pb_column][\/et_pb_row][et_pb_row column_structure=\u00bb1_3,1_3,1_3&#8243; _builder_version=\u00bb4.4.3&#8243; min_height=\u00bb168px\u00bb global_colors_info=\u00bb{}\u00bb][et_pb_column type=\u00bb1_3&#8243; _builder_version=\u00bb4.4.3&#8243; global_colors_info=\u00bb{}\u00bb][et_pb_testimonial author=\u00bbC\u00e9line\u00bb quote_icon_color=\u00bb#ffffff\u00bb quote_icon_background_color=\u00bb#00A7B5&#8243; _builder_version=\u00bb4.4.5&#8243; background_color=\u00bb#00a7b5&#8243; text_orientation=\u00bbcenter\u00bb background_layout=\u00bbdark\u00bb global_colors_info=\u00bb{}\u00bb]Empec\u00e9 a aprender idiomas con la Maison des langues en septiembre, estoy muy feliz con los resultados y el equipo es muy agradable. Las lecciones son muy animadas, en grupos peque\u00f1os, es muy amigable. Alternan la gram\u00e1tica, la discusi\u00f3n, la cultura&#8230; Es din\u00e1mico y genial ver que todos estamos progresando.<br \/>\n[\/et_pb_testimonial][\/et_pb_column][et_pb_column type=\u00bb1_3&#8243; _builder_version=\u00bb4.4.3&#8243; global_colors_info=\u00bb{}\u00bb][et_pb_testimonial author=\u00bbPatrice\u00bb quote_icon_color=\u00bb#ffffff\u00bb quote_icon_background_color=\u00bb#00A7B5&#8243; _builder_version=\u00bb4.4.7&#8243; background_color=\u00bb#00a7b5&#8243; text_orientation=\u00bbcenter\u00bb background_layout=\u00bbdark\u00bb global_colors_info=\u00bb{}\u00bb]Registrado desde octubre de 2019, estoy muy satisfecho con la calidad de los cursos, los profesores y el ambiente en Jakinola\/la Maison des Langues de Bayonne. Tambi\u00e9n agradezco los servicios asociados como happy hours y clases de conversaci\u00f3n complementarias y, por supuesto, las diversas actividades, \u00a1y aperitivos!, que son una oportunidad para descubrir idiomas distintos a los que estamos aprendiendo, y charlar con participantes de otros grupos. en un ambiente amistoso.[\/et_pb_testimonial][\/et_pb_column][et_pb_column type=\u00bb1_3&#8243; _builder_version=\u00bb4.4.3&#8243; global_colors_info=\u00bb{}\u00bb][et_pb_testimonial author=\u00bbMariana\u00bb job_title=\u00bbEstudiante de formaci\u00f3n profesional\u00bb quote_icon_color=\u00bb#ffffff\u00bb quote_icon_background_color=\u00bb#00A7B5&#8243; _builder_version=\u00bb4.4.5&#8243; background_color=\u00bb#00a7b5&#8243; text_orientation=\u00bbcenter\u00bb background_layout=\u00bbdark\u00bb global_colors_info=\u00bb{}\u00bb]Me gustar\u00eda agradecerle en primer lugar por su esp\u00edritu pedag\u00f3gico y por la calidad de su ense\u00f1anza. Tambi\u00e9n les estoy muy agradecido por su paciencia y por su actitud siempre sonriente, acogedora, positiva y alentadora.<br \/>\n[\/et_pb_testimonial][\/et_pb_column][\/et_pb_row][\/et_pb_section][et_pb_section fb_built=\u00bb1&#8243; admin_label=\u00bbnotre p\u00e9dagogie\u00bb module_id=\u00bbnuestra pedagog\u00eda\u00bb _builder_version=\u00bb4.4.3&#8243; global_colors_info=\u00bb{}\u00bb][et_pb_row column_structure=\u00bb1_2,1_2&#8243; _builder_version=\u00bb4.4.3&#8243; global_colors_info=\u00bb{}\u00bb][et_pb_column type=\u00bb1_2&#8243; _builder_version=\u00bb4.4.3&#8243; global_colors_info=\u00bb{}\u00bb][et_pb_image src=\u00bbhttps:\/\/jakinola.org\/wp-content\/uploads\/2020\/05\/p\u00e9dagogie-espagnol.png\u00bb alt=\u00bbimagen de nuestra pedagog\u00eda de idiomas en Jakinola\u00bb title_text=\u00bbimagen de nuestra pedagog\u00eda \u00bb _builder_version=\u00bb4.4.7&#8243; global_colors_info=\u00bb{}\u00bb][\/et_pb_image][\/et_pb_column][et_pb_column type=\u00bb1_2&#8243; _builder_version=\u00bb4.4.3&#8243; global_colors_info=\u00bb{}\u00bb][et_pb_text _builder_version=\u00bb4.4.3&#8243; global_colors_info=\u00bb{}\u00bb]<\/p>\n<h2 style=\"text-align: center;\"><span style=\"color: #00a7b5;\">Nuestro enfoque pedag\u00f3gico<\/span><\/h2>\n<p style=\"text-align: center;\"><span style=\"color: #333333;\">Bas\u00e1ndonos en las diversas experiencias de los miembros de nuestro equipo docente, en la Maison des Langues, combinamos varios enfoques para sacar lo mejor de ellos y ofrecer una soluci\u00f3n a medida para cada persona. Por lo tanto, estamos hablando de <strong>un entorno de aprendizaje h\u00edbrido personalizado<\/strong>.<\/span><\/p>\n<ul>\n<li style=\"text-align: left;\"><span style=\"color: #333333;\"><strong>Diagn\u00f3stico individual<\/strong> (fortalezas, debilidades, objetivos, etc. seg\u00fan el tiempo disponible\u2026)<\/span><\/li>\n<li style=\"text-align: left;\"><span style=\"color: #333333;\"><strong>Cursos presenciales, a distancia o h\u00edbridos<\/strong>: enfocados a la producci\u00f3n oral con un formador cualificado y con experiencia (sistema de clases inversas, se fomentan las actividades de recepci\u00f3n fuera del horario presencial). <\/span><\/li>\n<li style=\"text-align: left;\"><span style=\"color: #333333;\">Dispositivo de <strong>Educaci\u00f3n a Distancia<\/strong>, en apoyo a los cursos presenciales<\/span><\/li>\n<li style=\"text-align: left;\"><span style=\"color: #333333;\"><strong>Centro de Recursos<\/strong>: acceso a medios impresos y digitales durante el horario de apertura de la asociaci\u00f3n, con la presencia de una persona calificada que puede guiar al pasante en su investigaci\u00f3n\/trabajo de forma independiente.<\/span><\/li>\n<li style=\"text-align: left;\"><span style=\"color: #333333;\"><strong>Coaching individual<\/strong> adem\u00e1s de clases semi-grupales: a lo largo de la formaci\u00f3n, el alumno se beneficia de un asesoramiento profesional que le permite aprovechar al m\u00e1ximo su tiempo libre.<\/span><\/li>\n<\/ul>\n<p>[\/et_pb_text][\/et_pb_column][\/et_pb_row][\/et_pb_section][et_pb_section fb_built=\u00bb1&#8243; inner_shadow=\u00bbon\u00bb custom_padding_last_edited=\u00bbon|desktop\u00bb admin_label=\u00bbcontact2&#8243; module_id=\u00bbcontact2&#8243; _builder_version=\u00bb4.4.3&#8243; background_color=\u00bb#4F758B\u00bb custom_padding_tablet=\u00bb50px|0|50px|0&#8243; custom_padding_phone=\u00bb\u00bb padding_mobile=\u00bboff\u00bb locked=\u00bboff\u00bb collapsed=\u00bbon\u00bb global_colors_info=\u00bb{}\u00bb][et_pb_row _builder_version=\u00bb4.4.3&#8243; global_colors_info=\u00bb{}\u00bb][et_pb_column type=\u00bb4_4&#8243; _builder_version=\u00bb4.4.3&#8243; global_colors_info=\u00bb{}\u00bb][et_pb_text _builder_version=\u00bb4.4.3&#8243; global_colors_info=\u00bb{}\u00bb]<\/p>\n<h2 style=\"text-align: left;\"><span style=\"color: #ffffff;\">Respondemos a tus preguntas<\/span><\/h2>\n<div class=\"elementor-element elementor-element-5803d1b elementor-widget elementor-widget-text-editor\" data-id=\"5803d1b\" data-element_type=\"widget\" data-widget_type=\"text-editor.default\">\n<div class=\"elementor-widget-container\">\n<div class=\"elementor-text-editor elementor-clearfix\">\n<p style=\"text-align: left;\"><span style=\"color: #ffffff;\"><strong>Nuestros cursos a medida<\/strong>son adecuados para todas las edades (ni\u00f1os, adolescentes, estudiantes, adultos y jubilados) y todos los niveles.<\/span><\/p>\n<\/div>\n<\/div>\n<\/div>\n<div class=\"elementor-element elementor-element-304ca34 elementor-button-align-stretch elementor-widget elementor-widget-form\" data-id=\"304ca34\" data-element_type=\"widget\" data-widget_type=\"form.default\">\n<div class=\"elementor-widget-container\">\n<form class=\"elementor-form\" method=\"post\" name=\"New Form\">\n<div class=\"elementor-form-fields-wrapper elementor-labels-above\">\n<div class=\"elementor-field-type-text elementor-field-group elementor-column elementor-field-group-name elementor-col-100\"><\/div>\n<\/div>\n<\/form>\n<\/div>\n<\/div>\n<p>[\/et_pb_text][\/et_pb_column][\/et_pb_row][et_pb_row column_structure=\u00bb3_5,2_5&#8243; _builder_version=\u00bb4.4.3&#8243; global_colors_info=\u00bb{}\u00bb][et_pb_column type=\u00bb3_5&#8243; _builder_version=\u00bb4.4.2&#8243; global_colors_info=\u00bb{}\u00bb][et_pb_contact_form email=\u00bbcontact@jakinola.org\u00bb success_message=\u00bbHemos recibido tu mensaje, muchas gracias\u00bb admin_label=\u00bbContact Form\u00bb module_id=\u00bbet_pb_contact_form_0&#8243; module_class=\u00bbet_pb_animation_right et-animated et-waypoint\u00bb _builder_version=\u00bb4.4.3&#8243; form_field_background_color=\u00bbrgba(0,0,0,0)\u00bb form_field_text_color=\u00bb#ffffff\u00bb title_font=\u00bbMontserrat||||\u00bb title_text_color=\u00bb#ffffff\u00bb form_field_font=\u00bbMontserrat||||\u00bb form_field_font_size=\u00bb16&#8243; custom_button=\u00bbon\u00bb button_text_color=\u00bb#ffffff\u00bb button_bg_color=\u00bbrgba(0,0,0,0)\u00bb button_border_color=\u00bb#ffffff\u00bb button_border_radius=\u00bb0&#8243; button_font=\u00bbMontserrat||||\u00bb button_use_icon=\u00bboff\u00bb custom_css_captcha_label=\u00bbcolor: #ffffff;||border-bottom: 2px solid #ffffff;\u00bb border_width_all=\u00bb0px\u00bb border_color_all=\u00bb#ffffff\u00bb border_style_all=\u00bbsolid\u00bb use_border_color=\u00bbon\u00bb border_width=\u00bb0px\u00bb form_background_color=\u00bbrgba(0,0,0,0)\u00bb saved_tabs=\u00bball\u00bb global_colors_info=\u00bb{}\u00bb button_text_color_hover=\u00bb#ffffff\u00bb button_bg_color_hover=\u00bbrgba(0,0,0,0)\u00bb button_border_color_hover=\u00bb#ffffff\u00bb button_border_radius_hover=\u00bb0&#8243; button_letter_spacing_hover=\u00bb1&#8243;][et_pb_contact_field field_id=\u00bbName\u00bb field_title=\u00bbNombre\u00bb fullwidth_field=\u00bbon\u00bb _builder_version=\u00bb3.16&#8243; form_field_font=\u00bb||||\u00bb custom_css_main_element=\u00bbborder-bottom: 2px solid #ffffff;\u00bb use_border_color=\u00bboff\u00bb global_colors_info=\u00bb{}\u00bb button_text_size__hover_enabled=\u00bboff\u00bb button_one_text_size__hover_enabled=\u00bboff\u00bb button_two_text_size__hover_enabled=\u00bboff\u00bb button_text_color__hover_enabled=\u00bboff\u00bb button_one_text_color__hover_enabled=\u00bboff\u00bb button_two_text_color__hover_enabled=\u00bboff\u00bb button_border_width__hover_enabled=\u00bboff\u00bb button_one_border_width__hover_enabled=\u00bboff\u00bb button_two_border_width__hover_enabled=\u00bboff\u00bb button_border_color__hover_enabled=\u00bboff\u00bb button_one_border_color__hover_enabled=\u00bboff\u00bb button_two_border_color__hover_enabled=\u00bboff\u00bb button_border_radius__hover_enabled=\u00bboff\u00bb button_one_border_radius__hover_enabled=\u00bboff\u00bb button_two_border_radius__hover_enabled=\u00bboff\u00bb button_letter_spacing__hover_enabled=\u00bboff\u00bb button_one_letter_spacing__hover_enabled=\u00bboff\u00bb button_two_letter_spacing__hover_enabled=\u00bboff\u00bb button_bg_color__hover_enabled=\u00bboff\u00bb button_one_bg_color__hover_enabled=\u00bboff\u00bb button_two_bg_color__hover_enabled=\u00bboff\u00bb][\/et_pb_contact_field][et_pb_contact_field field_id=\u00bbEmail\u00bb field_title=\u00bbEmail\u00bb field_type=\u00bbemail\u00bb fullwidth_field=\u00bbon\u00bb _builder_version=\u00bb3.16&#8243; form_field_font=\u00bb||||\u00bb custom_css_main_element=\u00bbborder-bottom: 2px solid #ffffff;\u00bb use_border_color=\u00bboff\u00bb global_colors_info=\u00bb{}\u00bb button_text_size__hover_enabled=\u00bboff\u00bb button_one_text_size__hover_enabled=\u00bboff\u00bb button_two_text_size__hover_enabled=\u00bboff\u00bb button_text_color__hover_enabled=\u00bboff\u00bb button_one_text_color__hover_enabled=\u00bboff\u00bb button_two_text_color__hover_enabled=\u00bboff\u00bb button_border_width__hover_enabled=\u00bboff\u00bb button_one_border_width__hover_enabled=\u00bboff\u00bb button_two_border_width__hover_enabled=\u00bboff\u00bb button_border_color__hover_enabled=\u00bboff\u00bb button_one_border_color__hover_enabled=\u00bboff\u00bb button_two_border_color__hover_enabled=\u00bboff\u00bb button_border_radius__hover_enabled=\u00bboff\u00bb button_one_border_radius__hover_enabled=\u00bboff\u00bb button_two_border_radius__hover_enabled=\u00bboff\u00bb button_letter_spacing__hover_enabled=\u00bboff\u00bb button_one_letter_spacing__hover_enabled=\u00bboff\u00bb button_two_letter_spacing__hover_enabled=\u00bboff\u00bb button_bg_color__hover_enabled=\u00bboff\u00bb button_one_bg_color__hover_enabled=\u00bboff\u00bb button_two_bg_color__hover_enabled=\u00bboff\u00bb][\/et_pb_contact_field][et_pb_contact_field field_id=\u00bbSubject\u00bb field_title=\u00bbTema\u00bb fullwidth_field=\u00bbon\u00bb _builder_version=\u00bb3.16&#8243; form_field_font=\u00bb||||\u00bb custom_css_main_element=\u00bbborder-bottom: 2px solid #ffffff;\u00bb use_border_color=\u00bboff\u00bb global_colors_info=\u00bb{}\u00bb button_text_size__hover_enabled=\u00bboff\u00bb button_one_text_size__hover_enabled=\u00bboff\u00bb button_two_text_size__hover_enabled=\u00bboff\u00bb button_text_color__hover_enabled=\u00bboff\u00bb button_one_text_color__hover_enabled=\u00bboff\u00bb button_two_text_color__hover_enabled=\u00bboff\u00bb button_border_width__hover_enabled=\u00bboff\u00bb button_one_border_width__hover_enabled=\u00bboff\u00bb button_two_border_width__hover_enabled=\u00bboff\u00bb button_border_color__hover_enabled=\u00bboff\u00bb button_one_border_color__hover_enabled=\u00bboff\u00bb button_two_border_color__hover_enabled=\u00bboff\u00bb button_border_radius__hover_enabled=\u00bboff\u00bb button_one_border_radius__hover_enabled=\u00bboff\u00bb button_two_border_radius__hover_enabled=\u00bboff\u00bb button_letter_spacing__hover_enabled=\u00bboff\u00bb button_one_letter_spacing__hover_enabled=\u00bboff\u00bb button_two_letter_spacing__hover_enabled=\u00bboff\u00bb button_bg_color__hover_enabled=\u00bboff\u00bb button_one_bg_color__hover_enabled=\u00bboff\u00bb button_two_bg_color__hover_enabled=\u00bboff\u00bb][\/et_pb_contact_field][et_pb_contact_field field_id=\u00bbMessage\u00bb field_title=\u00bbMensaje\u00bb field_type=\u00bbtext\u00bb fullwidth_field=\u00bbon\u00bb _builder_version=\u00bb3.16&#8243; form_field_font=\u00bb||||\u00bb custom_css_main_element=\u00bbborder-bottom: 2px solid #ffffff;\u00bb use_border_color=\u00bboff\u00bb global_colors_info=\u00bb{}\u00bb button_text_size__hover_enabled=\u00bboff\u00bb button_one_text_size__hover_enabled=\u00bboff\u00bb button_two_text_size__hover_enabled=\u00bboff\u00bb button_text_color__hover_enabled=\u00bboff\u00bb button_one_text_color__hover_enabled=\u00bboff\u00bb button_two_text_color__hover_enabled=\u00bboff\u00bb button_border_width__hover_enabled=\u00bboff\u00bb button_one_border_width__hover_enabled=\u00bboff\u00bb button_two_border_width__hover_enabled=\u00bboff\u00bb button_border_color__hover_enabled=\u00bboff\u00bb button_one_border_color__hover_enabled=\u00bboff\u00bb button_two_border_color__hover_enabled=\u00bboff\u00bb button_border_radius__hover_enabled=\u00bboff\u00bb button_one_border_radius__hover_enabled=\u00bboff\u00bb button_two_border_radius__hover_enabled=\u00bboff\u00bb button_letter_spacing__hover_enabled=\u00bboff\u00bb button_one_letter_spacing__hover_enabled=\u00bboff\u00bb button_two_letter_spacing__hover_enabled=\u00bboff\u00bb button_bg_color__hover_enabled=\u00bboff\u00bb button_one_bg_color__hover_enabled=\u00bboff\u00bb button_two_bg_color__hover_enabled=\u00bboff\u00bb][\/et_pb_contact_field][\/et_pb_contact_form][et_pb_social_media_follow url_new_window=\u00bboff\u00bb admin_label=\u00bbSocial Media Follow\u00bb module_class=\u00bbsocial_footer_custom\u00bb _builder_version=\u00bb4.3.1&#8243; z_index_tablet=\u00bb500&#8243; border_radii=\u00bbon|100%|100%|100%|100%\u00bb button_text_shadow_horizontal_length_tablet=\u00bb0px\u00bb button_text_shadow_vertical_length_tablet=\u00bb0px\u00bb button_text_shadow_blur_strength_tablet=\u00bb1px\u00bb box_shadow_horizontal_tablet=\u00bb0px\u00bb box_shadow_vertical_tablet=\u00bb0px\u00bb box_shadow_blur_tablet=\u00bb40px\u00bb box_shadow_spread_tablet=\u00bb0px\u00bb box_shadow_horizontal_button_tablet=\u00bb0px\u00bb box_shadow_vertical_button_tablet=\u00bb0px\u00bb box_shadow_blur_button_tablet=\u00bb40px\u00bb box_shadow_spread_button_tablet=\u00bb0px\u00bb text_shadow_horizontal_length_tablet=\u00bb0px\u00bb text_shadow_vertical_length_tablet=\u00bb0px\u00bb text_shadow_blur_strength_tablet=\u00bb1px\u00bb link_shape=\u00bbcircle\u00bb global_colors_info=\u00bb{}\u00bb][et_pb_social_media_follow_network social_network=\u00bbtwitter\u00bb url=\u00bbhttps:\/\/twitter.com\/jakinola_mdl\u00bb _builder_version=\u00bb4.3.1&#8243; background_color=\u00bb#00aced\u00bb background_color_gradient_direction_tablet=\u00bb180deg\u00bb background_color_gradient_direction_phone=\u00bb180deg\u00bb background_color_gradient_start_position_tablet=\u00bb0%\u00bb background_color_gradient_start_position_phone=\u00bb0%\u00bb background_color_gradient_end_position_tablet=\u00bb100%\u00bb background_color_gradient_end_position_phone=\u00bb100%\u00bb hover_transition_duration_tablet=\u00bb300ms\u00bb hover_transition_duration_phone=\u00bb300ms\u00bb hover_transition_delay_tablet=\u00bb0ms\u00bb hover_transition_delay_phone=\u00bb0ms\u00bb button_text_shadow_horizontal_length_tablet=\u00bb0px\u00bb button_text_shadow_horizontal_length_phone=\u00bb0px\u00bb button_text_shadow_vertical_length_tablet=\u00bb0px\u00bb button_text_shadow_vertical_length_phone=\u00bb0px\u00bb button_text_shadow_blur_strength_tablet=\u00bb1px\u00bb button_text_shadow_blur_strength_phone=\u00bb1px\u00bb box_shadow_horizontal_tablet=\u00bb0px\u00bb box_shadow_horizontal_phone=\u00bb0px\u00bb box_shadow_vertical_tablet=\u00bb0px\u00bb box_shadow_vertical_phone=\u00bb0px\u00bb box_shadow_blur_tablet=\u00bb40px\u00bb box_shadow_blur_phone=\u00bb40px\u00bb box_shadow_spread_tablet=\u00bb0px\u00bb box_shadow_spread_phone=\u00bb0px\u00bb box_shadow_horizontal_button_tablet=\u00bb0px\u00bb box_shadow_horizontal_button_phone=\u00bb0px\u00bb box_shadow_vertical_button_tablet=\u00bb0px\u00bb box_shadow_vertical_button_phone=\u00bb0px\u00bb box_shadow_blur_button_tablet=\u00bb40px\u00bb box_shadow_blur_button_phone=\u00bb40px\u00bb box_shadow_spread_button_tablet=\u00bb0px\u00bb box_shadow_spread_button_phone=\u00bb0px\u00bb bg_color=\u00bb#00aced\u00bb global_colors_info=\u00bb{}\u00bb]twitter[\/et_pb_social_media_follow_network][et_pb_social_media_follow_network social_network=\u00bbfacebook\u00bb url=\u00bbhttps:\/\/www.facebook.com\/Jakinola.mdl\/\u00bb _builder_version=\u00bb3.26.7&#8243; background_color=\u00bb#3b5998&#8243; background_color_gradient_direction_tablet=\u00bb180deg\u00bb background_color_gradient_direction_phone=\u00bb180deg\u00bb background_color_gradient_start_position_tablet=\u00bb0%\u00bb background_color_gradient_start_position_phone=\u00bb0%\u00bb background_color_gradient_end_position_tablet=\u00bb100%\u00bb background_color_gradient_end_position_phone=\u00bb100%\u00bb hover_transition_duration_tablet=\u00bb300ms\u00bb hover_transition_duration_phone=\u00bb300ms\u00bb hover_transition_delay_tablet=\u00bb0ms\u00bb hover_transition_delay_phone=\u00bb0ms\u00bb button_text_shadow_horizontal_length_tablet=\u00bb0px\u00bb button_text_shadow_horizontal_length_phone=\u00bb0px\u00bb button_text_shadow_vertical_length_tablet=\u00bb0px\u00bb button_text_shadow_vertical_length_phone=\u00bb0px\u00bb button_text_shadow_blur_strength_tablet=\u00bb1px\u00bb button_text_shadow_blur_strength_phone=\u00bb1px\u00bb box_shadow_horizontal_tablet=\u00bb0px\u00bb box_shadow_horizontal_phone=\u00bb0px\u00bb box_shadow_vertical_tablet=\u00bb0px\u00bb box_shadow_vertical_phone=\u00bb0px\u00bb box_shadow_blur_tablet=\u00bb40px\u00bb box_shadow_blur_phone=\u00bb40px\u00bb box_shadow_spread_tablet=\u00bb0px\u00bb box_shadow_spread_phone=\u00bb0px\u00bb box_shadow_horizontal_button_tablet=\u00bb0px\u00bb box_shadow_horizontal_button_phone=\u00bb0px\u00bb box_shadow_vertical_button_tablet=\u00bb0px\u00bb box_shadow_vertical_button_phone=\u00bb0px\u00bb box_shadow_blur_button_tablet=\u00bb40px\u00bb box_shadow_blur_button_phone=\u00bb40px\u00bb box_shadow_spread_button_tablet=\u00bb0px\u00bb box_shadow_spread_button_phone=\u00bb0px\u00bb global_colors_info=\u00bb{}\u00bb]Facebook<br \/>\n[\/et_pb_social_media_follow_network][et_pb_social_media_follow_network social_network=\u00bbinstagram\u00bb url=\u00bbhttps:\/\/www.instagram.com\/mdljakinola\/\u00bb _builder_version=\u00bb4.3.1&#8243; background_color=\u00bb#ea2c59&#8243; global_colors_info=\u00bb{}\u00bb]instagram[\/et_pb_social_media_follow_network][\/et_pb_social_media_follow][\/et_pb_column][et_pb_column type=\u00bb2_5&#8243; _builder_version=\u00bb4.4.2&#8243; global_colors_info=\u00bb{}\u00bb][et_pb_blurb title=\u00bbVIS\u00cdTANOS\u00bb use_icon=\u00bbon\u00bb font_icon=\u00bb%%122%%\u00bb icon_color=\u00bb#ffffff\u00bb use_icon_font_size=\u00bbon\u00bb icon_font_size=\u00bb32px\u00bb icon_font_size_phone=\u00bb24px\u00bb icon_font_size_last_edited=\u00bboff|phone\u00bb disabled_on=\u00bboff|off|\u00bb admin_label=\u00bbFIND US\u00bb _builder_version=\u00bb4.4.3&#8243; header_text_color=\u00bb#ffffff\u00bb header_line_height=\u00bb1.1em\u00bb body_text_color=\u00bb#fcfcfc\u00bb body_font_size=\u00bb16px\u00bb body_letter_spacing=\u00bb1px\u00bb body_line_height=\u00bb1.4em\u00bb background_size=\u00bbinitial\u00bb background_position=\u00bbtop_left\u00bb background_repeat=\u00bbrepeat\u00bb text_orientation=\u00bbcenter\u00bb background_layout=\u00bbdark\u00bb animation=\u00bbbottom\u00bb header_font_size_phone=\u00bb15&#8243; header_font_size_last_edited=\u00bboff|phone\u00bb body_font_size_phone=\u00bb14&#8243; body_font_size_last_edited=\u00bboff|phone\u00bb z_index_tablet=\u00bb500&#8243; custom_css_blurb_image=\u00bbmargin-bottom: 10px !important;\u00bb header_text_shadow_horizontal_length_tablet=\u00bb0px\u00bb header_text_shadow_vertical_length_tablet=\u00bb0px\u00bb header_text_shadow_blur_strength_tablet=\u00bb1px\u00bb body_text_shadow_horizontal_length_tablet=\u00bb0px\u00bb body_text_shadow_vertical_length_tablet=\u00bb0px\u00bb body_text_shadow_blur_strength_tablet=\u00bb1px\u00bb body_link_text_shadow_horizontal_length_tablet=\u00bb0px\u00bb body_link_text_shadow_vertical_length_tablet=\u00bb0px\u00bb body_link_text_shadow_blur_strength_tablet=\u00bb1px\u00bb body_ul_text_shadow_horizontal_length_tablet=\u00bb0px\u00bb body_ul_text_shadow_vertical_length_tablet=\u00bb0px\u00bb body_ul_text_shadow_blur_strength_tablet=\u00bb1px\u00bb body_ol_text_shadow_horizontal_length_tablet=\u00bb0px\u00bb body_ol_text_shadow_vertical_length_tablet=\u00bb0px\u00bb body_ol_text_shadow_blur_strength_tablet=\u00bb1px\u00bb body_quote_text_shadow_horizontal_length_tablet=\u00bb0px\u00bb body_quote_text_shadow_vertical_length_tablet=\u00bb0px\u00bb body_quote_text_shadow_blur_strength_tablet=\u00bb1px\u00bb box_shadow_horizontal_tablet=\u00bb0px\u00bb box_shadow_vertical_tablet=\u00bb0px\u00bb box_shadow_blur_tablet=\u00bb40px\u00bb box_shadow_spread_tablet=\u00bb0px\u00bb box_shadow_horizontal_image_tablet=\u00bb0px\u00bb box_shadow_vertical_image_tablet=\u00bb0px\u00bb box_shadow_blur_image_tablet=\u00bb40px\u00bb box_shadow_spread_image_tablet=\u00bb0px\u00bb text_shadow_horizontal_length_tablet=\u00bb0px\u00bb text_shadow_vertical_length_tablet=\u00bb0px\u00bb text_shadow_blur_strength_tablet=\u00bb1px\u00bb global_colors_info=\u00bb{}\u00bb]12 rue Maubec, Bayonne<\/p>\n<p>enfrente de la estaci\u00f3n de tren<br \/>\n[\/et_pb_blurb][et_pb_blurb title=\u00bbHORARIOS\u00bb use_icon=\u00bbon\u00bb font_icon=\u00bb%%92%%\u00bb icon_color=\u00bb#ffffff\u00bb use_icon_font_size=\u00bbon\u00bb icon_font_size=\u00bb32px\u00bb icon_font_size_phone=\u00bb24px\u00bb icon_font_size_last_edited=\u00bboff|phone\u00bb disabled_on=\u00bboff|off|\u00bb admin_label=\u00bbOPENING HOURS\u00bb _builder_version=\u00bb3.27.3&#8243; header_text_color=\u00bb#ffffff\u00bb header_line_height=\u00bb1.1em\u00bb body_text_color=\u00bb#fcfcfc\u00bb body_font_size=\u00bb16px\u00bb body_letter_spacing=\u00bb1px\u00bb body_line_height=\u00bb1.4em\u00bb background_size=\u00bbinitial\u00bb background_position=\u00bbtop_left\u00bb background_repeat=\u00bbrepeat\u00bb text_orientation=\u00bbcenter\u00bb background_layout=\u00bbdark\u00bb animation=\u00bbbottom\u00bb header_font_size_phone=\u00bb15&#8243; header_font_size_last_edited=\u00bboff|phone\u00bb body_font_size_phone=\u00bb14&#8243; body_font_size_last_edited=\u00bboff|phone\u00bb z_index_tablet=\u00bb500&#8243; custom_css_blurb_image=\u00bbmargin-bottom: 10px !important;\u00bb header_text_shadow_horizontal_length_tablet=\u00bb0px\u00bb header_text_shadow_vertical_length_tablet=\u00bb0px\u00bb header_text_shadow_blur_strength_tablet=\u00bb1px\u00bb body_text_shadow_horizontal_length_tablet=\u00bb0px\u00bb body_text_shadow_vertical_length_tablet=\u00bb0px\u00bb body_text_shadow_blur_strength_tablet=\u00bb1px\u00bb body_link_text_shadow_horizontal_length_tablet=\u00bb0px\u00bb body_link_text_shadow_vertical_length_tablet=\u00bb0px\u00bb body_link_text_shadow_blur_strength_tablet=\u00bb1px\u00bb body_ul_text_shadow_horizontal_length_tablet=\u00bb0px\u00bb body_ul_text_shadow_vertical_length_tablet=\u00bb0px\u00bb body_ul_text_shadow_blur_strength_tablet=\u00bb1px\u00bb body_ol_text_shadow_horizontal_length_tablet=\u00bb0px\u00bb body_ol_text_shadow_vertical_length_tablet=\u00bb0px\u00bb body_ol_text_shadow_blur_strength_tablet=\u00bb1px\u00bb body_quote_text_shadow_horizontal_length_tablet=\u00bb0px\u00bb body_quote_text_shadow_vertical_length_tablet=\u00bb0px\u00bb body_quote_text_shadow_blur_strength_tablet=\u00bb1px\u00bb box_shadow_horizontal_tablet=\u00bb0px\u00bb box_shadow_vertical_tablet=\u00bb0px\u00bb box_shadow_blur_tablet=\u00bb40px\u00bb box_shadow_spread_tablet=\u00bb0px\u00bb box_shadow_horizontal_image_tablet=\u00bb0px\u00bb box_shadow_vertical_image_tablet=\u00bb0px\u00bb box_shadow_blur_image_tablet=\u00bb40px\u00bb box_shadow_spread_image_tablet=\u00bb0px\u00bb text_shadow_horizontal_length_tablet=\u00bb0px\u00bb text_shadow_vertical_length_tablet=\u00bb0px\u00bb text_shadow_blur_strength_tablet=\u00bb1px\u00bb global_colors_info=\u00bb{}\u00bb]9h00 \u2013 12h00<\/p>\n<p>14h00 &#8211; 17h00<br \/>\n[\/et_pb_blurb][et_pb_blurb title=\u00bbCORREO\u00bb use_icon=\u00bbon\u00bb font_icon=\u00bb%%153%%\u00bb icon_color=\u00bb#ffffff\u00bb use_icon_font_size=\u00bbon\u00bb icon_font_size=\u00bb32px\u00bb icon_font_size_phone=\u00bb24px\u00bb icon_font_size_last_edited=\u00bboff|phone\u00bb disabled_on=\u00bboff|off|\u00bb admin_label=\u00bbMAIL\u00bb _builder_version=\u00bb3.26.7&#8243; header_text_color=\u00bb#ffffff\u00bb header_line_height=\u00bb1.1em\u00bb body_text_color=\u00bb#fcfcfc\u00bb body_font_size=\u00bb16px\u00bb body_letter_spacing=\u00bb1px\u00bb body_line_height=\u00bb1.4em\u00bb background_size=\u00bbinitial\u00bb background_position=\u00bbtop_left\u00bb background_repeat=\u00bbrepeat\u00bb text_orientation=\u00bbcenter\u00bb background_layout=\u00bbdark\u00bb animation=\u00bbbottom\u00bb header_font_size_phone=\u00bb15&#8243; header_font_size_last_edited=\u00bboff|phone\u00bb body_font_size_phone=\u00bb14&#8243; body_font_size_last_edited=\u00bboff|phone\u00bb z_index_tablet=\u00bb500&#8243; custom_css_blurb_image=\u00bbmargin-bottom: 10px !important;\u00bb header_text_shadow_horizontal_length_tablet=\u00bb0px\u00bb header_text_shadow_vertical_length_tablet=\u00bb0px\u00bb header_text_shadow_blur_strength_tablet=\u00bb1px\u00bb body_text_shadow_horizontal_length_tablet=\u00bb0px\u00bb body_text_shadow_vertical_length_tablet=\u00bb0px\u00bb body_text_shadow_blur_strength_tablet=\u00bb1px\u00bb body_link_text_shadow_horizontal_length_tablet=\u00bb0px\u00bb body_link_text_shadow_vertical_length_tablet=\u00bb0px\u00bb body_link_text_shadow_blur_strength_tablet=\u00bb1px\u00bb body_ul_text_shadow_horizontal_length_tablet=\u00bb0px\u00bb body_ul_text_shadow_vertical_length_tablet=\u00bb0px\u00bb body_ul_text_shadow_blur_strength_tablet=\u00bb1px\u00bb body_ol_text_shadow_horizontal_length_tablet=\u00bb0px\u00bb body_ol_text_shadow_vertical_length_tablet=\u00bb0px\u00bb body_ol_text_shadow_blur_strength_tablet=\u00bb1px\u00bb body_quote_text_shadow_horizontal_length_tablet=\u00bb0px\u00bb body_quote_text_shadow_vertical_length_tablet=\u00bb0px\u00bb body_quote_text_shadow_blur_strength_tablet=\u00bb1px\u00bb box_shadow_horizontal_tablet=\u00bb0px\u00bb box_shadow_vertical_tablet=\u00bb0px\u00bb box_shadow_blur_tablet=\u00bb40px\u00bb box_shadow_spread_tablet=\u00bb0px\u00bb box_shadow_horizontal_image_tablet=\u00bb0px\u00bb box_shadow_vertical_image_tablet=\u00bb0px\u00bb box_shadow_blur_image_tablet=\u00bb40px\u00bb box_shadow_spread_image_tablet=\u00bb0px\u00bb text_shadow_horizontal_length_tablet=\u00bb0px\u00bb text_shadow_vertical_length_tablet=\u00bb0px\u00bb text_shadow_blur_strength_tablet=\u00bb1px\u00bb global_colors_info=\u00bb{}\u00bb]<\/p>\n<p>contact@jakinola.eus<\/p>\n<p>[\/et_pb_blurb][et_pb_blurb title=\u00bbLLAMAR\u00bb use_icon=\u00bbon\u00bb font_icon=\u00bb%%264%%\u00bb icon_color=\u00bb#ffffff\u00bb use_icon_font_size=\u00bbon\u00bb icon_font_size=\u00bb32px\u00bb icon_font_size_phone=\u00bb24px\u00bb icon_font_size_last_edited=\u00bboff|phone\u00bb disabled_on=\u00bboff|off|\u00bb admin_label=\u00bbCALL\u00bb _builder_version=\u00bb3.27.3&#8243; header_text_color=\u00bb#ffffff\u00bb header_line_height=\u00bb1.1em\u00bb body_text_color=\u00bb#fcfcfc\u00bb body_font_size=\u00bb16px\u00bb body_letter_spacing=\u00bb1px\u00bb body_line_height=\u00bb1.4em\u00bb background_size=\u00bbinitial\u00bb background_position=\u00bbtop_left\u00bb background_repeat=\u00bbrepeat\u00bb text_orientation=\u00bbcenter\u00bb background_layout=\u00bbdark\u00bb animation=\u00bbbottom\u00bb header_font_size_phone=\u00bb15&#8243; header_font_size_last_edited=\u00bboff|phone\u00bb body_font_size_phone=\u00bb14&#8243; body_font_size_last_edited=\u00bboff|phone\u00bb z_index_tablet=\u00bb500&#8243; custom_css_blurb_image=\u00bbmargin-bottom: 10px !important;\u00bb header_text_shadow_horizontal_length_tablet=\u00bb0px\u00bb header_text_shadow_vertical_length_tablet=\u00bb0px\u00bb header_text_shadow_blur_strength_tablet=\u00bb1px\u00bb body_text_shadow_horizontal_length_tablet=\u00bb0px\u00bb body_text_shadow_vertical_length_tablet=\u00bb0px\u00bb body_text_shadow_blur_strength_tablet=\u00bb1px\u00bb body_link_text_shadow_horizontal_length_tablet=\u00bb0px\u00bb body_link_text_shadow_vertical_length_tablet=\u00bb0px\u00bb body_link_text_shadow_blur_strength_tablet=\u00bb1px\u00bb body_ul_text_shadow_horizontal_length_tablet=\u00bb0px\u00bb body_ul_text_shadow_vertical_length_tablet=\u00bb0px\u00bb body_ul_text_shadow_blur_strength_tablet=\u00bb1px\u00bb body_ol_text_shadow_horizontal_length_tablet=\u00bb0px\u00bb body_ol_text_shadow_vertical_length_tablet=\u00bb0px\u00bb body_ol_text_shadow_blur_strength_tablet=\u00bb1px\u00bb body_quote_text_shadow_horizontal_length_tablet=\u00bb0px\u00bb body_quote_text_shadow_vertical_length_tablet=\u00bb0px\u00bb body_quote_text_shadow_blur_strength_tablet=\u00bb1px\u00bb box_shadow_horizontal_tablet=\u00bb0px\u00bb box_shadow_vertical_tablet=\u00bb0px\u00bb box_shadow_blur_tablet=\u00bb40px\u00bb box_shadow_spread_tablet=\u00bb0px\u00bb box_shadow_horizontal_image_tablet=\u00bb0px\u00bb box_shadow_vertical_image_tablet=\u00bb0px\u00bb box_shadow_blur_image_tablet=\u00bb40px\u00bb box_shadow_spread_image_tablet=\u00bb0px\u00bb text_shadow_horizontal_length_tablet=\u00bb0px\u00bb text_shadow_vertical_length_tablet=\u00bb0px\u00bb text_shadow_blur_strength_tablet=\u00bb1px\u00bb global_colors_info=\u00bb{}\u00bb]<\/p>\n<p>06 03 57 53 66<br \/>06 30 98 73 15<\/p>\n<p>[\/et_pb_blurb][\/et_pb_column][\/et_pb_row][\/et_pb_section]<\/p>\n","protected":false},"excerpt":{"rendered":"<p>Clases de espa\u00f1ol en Bayona en la costa vasca El espa\u00f1ol o elcastellano es el idioma oficial de m\u00e1s de 20 pa\u00edses en todo el mundo, lo que representa casi [&hellip;]<\/p>\n","protected":false},"author":1,"featured_media":0,"parent":0,"menu_order":0,"comment_status":"closed","ping_status":"closed","template":"page-template-fullwidth.php","meta":{"_seopress_robots_primary_cat":"","_seopress_titles_title":"Curso de espa\u00f1ol - Maison des Langues Jakinola - Bayonne - Anglet - Biarritz","_seopress_titles_desc":"Encu\u00e9ntranos en la Maison des Langues, cursos de formaci\u00f3n a medida que se adaptan a todas las edades y todos los niveles. Brindamos condiciones \u00f3ptimas de aprendizaje.","_seopress_robots_index":"","_tec_requires_first_save":true,"_et_pb_use_builder":"on","_et_pb_old_content":"","_et_gb_content_width":"","_price":"","_stock":"","_tribe_ticket_header":"","_tribe_default_ticket_provider":"","_tribe_ticket_capacity":"0","_ticket_start_date":"","_ticket_end_date":"","_tribe_ticket_show_description":"","_tribe_ticket_show_not_going":false,"_tribe_ticket_use_global_stock":"","_tribe_ticket_global_stock_level":"","_global_stock_mode":"","_global_stock_cap":"","_tribe_rsvp_for_event":"","_tribe_ticket_going_count":"","_tribe_ticket_not_going_count":"","_tribe_tickets_list":"[]","_tribe_ticket_has_attendee_info_fields":false,"_EventAllDay":false,"_EventTimezone":"","_EventStartDate":"","_EventEndDate":"","_EventStartDateUTC":"","_EventEndDateUTC":"","_EventShowMap":false,"_EventShowMapLink":false,"_EventURL":"","_EventCost":"","_EventCostDescription":"","_EventCurrencySymbol":"","_EventCurrencyCode":"","_EventCurrencyPosition":"","_EventDateTimeSeparator":"","_EventTimeRangeSeparator":"","_EventOrganizerID":[],"_EventVenueID":[],"_OrganizerEmail":"","_OrganizerPhone":"","_OrganizerWebsite":"","_VenueAddress":"","_VenueCity":"","_VenueCountry":"","_VenueProvince":"","_VenueState":"","_VenueZip":"","_VenuePhone":"","_VenueURL":"","_VenueStateProvince":"","_VenueLat":"","_VenueLng":"","_VenueShowMap":false,"_VenueShowMapLink":false,"_tribe_blocks_recurrence_rules":"","_tribe_blocks_recurrence_description":"","_tribe_blocks_recurrence_exclusions":"","footnotes":"","_tec_slr_enabled":"","_tec_slr_layout":""},"class_list":["post-689555","page","type-page","status-publish","hentry"],"ticketed":false,"_links":{"self":[{"href":"https:\/\/jakinola.org\/es\/wp-json\/wp\/v2\/pages\/689555","targetHints":{"allow":["GET"]}}],"collection":[{"href":"https:\/\/jakinola.org\/es\/wp-json\/wp\/v2\/pages"}],"about":[{"href":"https:\/\/jakinola.org\/es\/wp-json\/wp\/v2\/types\/page"}],"author":[{"embeddable":true,"href":"https:\/\/jakinola.org\/es\/wp-json\/wp\/v2\/users\/1"}],"replies":[{"embeddable":true,"href":"https:\/\/jakinola.org\/es\/wp-json\/wp\/v2\/comments?post=689555"}],"version-history":[{"count":8,"href":"https:\/\/jakinola.org\/es\/wp-json\/wp\/v2\/pages\/689555\/revisions"}],"predecessor-version":[{"id":690341,"href":"https:\/\/jakinola.org\/es\/wp-json\/wp\/v2\/pages\/689555\/revisions\/690341"}],"wp:attachment":[{"href":"https:\/\/jakinola.org\/es\/wp-json\/wp\/v2\/media?parent=689555"}],"curies":[{"name":"wp","href":"https:\/\/api.w.org\/{rel}","templated":true}]}}